{"id":3722,"date":"2025-12-16T09:48:44","date_gmt":"2025-12-16T08:48:44","guid":{"rendered":"https:\/\/gardeners.sk\/nase-prace\/wooden-terrace-canopy\/"},"modified":"2026-01-13T16:21:19","modified_gmt":"2026-01-13T15:21:19","slug":"wooden-terrace-canopy","status":"publish","type":"nase-prace","link":"https:\/\/gardeners.sk\/en\/our-work\/wooden-terrace-canopy\/","title":{"rendered":"Wooden terrace canopy"},"content":{"rendered":"<p>Given the limited space and the style of the remaining part of the garden, we chose a wooden canopy over the terrace.<\/p>\n","protected":false},"featured_media":3692,"parent":0,"template":"","meta":{"om_disable_all_campaigns":false,"_uag_custom_page_level_css":"","_monsterinsights_skip_tracking":false,"_monsterinsights_sitenote_active":false,"_monsterinsights_sitenote_note":"","_monsterinsights_sitenote_category":0,"site-sidebar-layout":"default","site-content-layout":"","ast-site-content-layout":"default","site-content-style":"default","site-sidebar-style":"default","ast-global-header-display":"","ast-banner-title-visibility":"","ast-main-header-display":"","ast-hfb-above-header-display":"","ast-hfb-below-header-display":"","ast-hfb-mobile-header-display":"","site-post-title":"","ast-breadcrumbs-content":"","ast-featured-img":"","footer-sml-layout":"","ast-disable-related-posts":"","theme-transparent-header-meta":"default","adv-header-id-meta":"","stick-header-meta":"","header-above-stick-meta":"","header-main-stick-meta":"","header-below-stick-meta":"","astra-migrate-meta-layouts":"set","ast-page-background-enabled":"default","ast-page-background-meta":{"desktop":{"background-color":"","background-image":"","background-repeat":"repeat","background-position":"center center","background-size":"auto","background-attachment":"scroll","background-type":"","background-media":"","overlay-type":"","overlay-color":"","overlay-opacity":"","overlay-gradient":""},"tablet":{"background-color":"","background-image":"","background-repeat":"repeat","background-position":"center center","background-size":"auto","background-attachment":"scroll","background-type":"","background-media":"","overlay-type":"","overlay-color":"","overlay-opacity":"","overlay-gradient":""},"mobile":{"background-color":"","background-image":"","background-repeat":"repeat","background-position":"center center","background-size":"auto","background-attachment":"scroll","background-type":"","background-media":"","overlay-type":"","overlay-color":"","overlay-opacity":"","overlay-gradient":""}},"ast-content-background-meta":{"desktop":{"background-color":"var(--ast-global-color-5)","background-image":"","background-repeat":"repeat","background-position":"center center","background-size":"auto","background-attachment":"scroll","background-type":"","background-media":"","overlay-type":"","overlay-color":"","overlay-opacity":"","overlay-gradient":""},"tablet":{"background-color":"var(--ast-global-color-5)","background-image":"","background-repeat":"repeat","background-position":"center center","background-size":"auto","background-attachment":"scroll","background-type":"","background-media":"","overlay-type":"","overlay-color":"","overlay-opacity":"","overlay-gradient":""},"mobile":{"background-color":"var(--ast-global-color-5)","background-image":"","background-repeat":"repeat","background-position":"center center","background-size":"auto","background-attachment":"scroll","background-type":"","background-media":"","overlay-type":"","overlay-color":"","overlay-opacity":"","overlay-gradient":""}}},"class_list":["post-3722","nase-prace","type-nase-prace","status-publish","has-post-thumbnail","hentry"],"yoast_head":"<!-- This site is optimized with the Yoast SEO plugin v27.5 - https:\/\/yoast.com\/product\/yoast-seo-wordpress\/ -->\n<title>Wooden terrace canopy - gardeners.sk<\/title>\n<meta name=\"robots\" content=\"index, follow, max-snippet:-1, max-image-preview:large, max-video-preview:-1\" \/>\n<link rel=\"canonical\" href=\"https:\/\/gardeners.sk\/en\/our-work\/wooden-terrace-canopy\/\" \/>\n<meta property=\"og:locale\" content=\"en_US\" \/>\n<meta property=\"og:type\" content=\"article\" \/>\n<meta property=\"og:title\" content=\"Wooden terrace canopy - gardeners.sk\" \/>\n<meta property=\"og:description\" content=\"Given the limited space and the style of the remaining part of the garden, we chose a wooden canopy over the terrace.\" \/>\n<meta property=\"og:url\" content=\"https:\/\/gardeners.sk\/en\/our-work\/wooden-terrace-canopy\/\" \/>\n<meta property=\"og:site_name\" content=\"gardeners.sk\" \/>\n<meta property=\"article:modified_time\" content=\"2026-01-13T15:21:19+00:00\" \/>\n<meta property=\"og:image\" content=\"https:\/\/gardeners.sk\/wp-content\/uploads\/E96AE63D-7A37-4A41-BB72-94DA55A4BF9A_1_102_o.jpeg\" \/>\n\t<meta property=\"og:image:width\" content=\"1536\" \/>\n\t<meta property=\"og:image:height\" content=\"2048\" \/>\n\t<meta property=\"og:image:type\" content=\"image\/jpeg\" \/>\n<meta name=\"twitter:card\" content=\"summary_large_image\" \/>\n<meta name=\"twitter:label1\" content=\"Est. reading time\" \/>\n\t<meta name=\"twitter:data1\" content=\"1 minute\" \/>\n<script type=\"application\/ld+json\" class=\"yoast-schema-graph\">{\"@context\":\"https:\\\/\\\/schema.org\",\"@graph\":[{\"@type\":\"WebPage\",\"@id\":\"https:\\\/\\\/gardeners.sk\\\/en\\\/our-work\\\/wooden-terrace-canopy\\\/\",\"url\":\"https:\\\/\\\/gardeners.sk\\\/en\\\/our-work\\\/wooden-terrace-canopy\\\/\",\"name\":\"Wooden terrace canopy - gardeners.sk\",\"isPartOf\":{\"@id\":\"https:\\\/\\\/gardeners.sk\\\/en\\\/#website\"},\"primaryImageOfPage\":{\"@id\":\"https:\\\/\\\/gardeners.sk\\\/en\\\/our-work\\\/wooden-terrace-canopy\\\/#primaryimage\"},\"image\":{\"@id\":\"https:\\\/\\\/gardeners.sk\\\/en\\\/our-work\\\/wooden-terrace-canopy\\\/#primaryimage\"},\"thumbnailUrl\":\"https:\\\/\\\/gardeners.sk\\\/wp-content\\\/uploads\\\/E96AE63D-7A37-4A41-BB72-94DA55A4BF9A_1_102_o.jpeg\",\"datePublished\":\"2025-12-16T08:48:44+00:00\",\"dateModified\":\"2026-01-13T15:21:19+00:00\",\"breadcrumb\":{\"@id\":\"https:\\\/\\\/gardeners.sk\\\/en\\\/our-work\\\/wooden-terrace-canopy\\\/#breadcrumb\"},\"inLanguage\":\"en-US\",\"potentialAction\":[{\"@type\":\"ReadAction\",\"target\":[\"https:\\\/\\\/gardeners.sk\\\/en\\\/our-work\\\/wooden-terrace-canopy\\\/\"]}]},{\"@type\":\"ImageObject\",\"inLanguage\":\"en-US\",\"@id\":\"https:\\\/\\\/gardeners.sk\\\/en\\\/our-work\\\/wooden-terrace-canopy\\\/#primaryimage\",\"url\":\"https:\\\/\\\/gardeners.sk\\\/wp-content\\\/uploads\\\/E96AE63D-7A37-4A41-BB72-94DA55A4BF9A_1_102_o.jpeg\",\"contentUrl\":\"https:\\\/\\\/gardeners.sk\\\/wp-content\\\/uploads\\\/E96AE63D-7A37-4A41-BB72-94DA55A4BF9A_1_102_o.jpeg\",\"width\":1536,\"height\":2048},{\"@type\":\"BreadcrumbList\",\"@id\":\"https:\\\/\\\/gardeners.sk\\\/en\\\/our-work\\\/wooden-terrace-canopy\\\/#breadcrumb\",\"itemListElement\":[{\"@type\":\"ListItem\",\"position\":1,\"name\":\"Domovsk\u00e1 str\u00e1nka\",\"item\":\"https:\\\/\\\/gardeners.sk\\\/en\\\/\"},{\"@type\":\"ListItem\",\"position\":2,\"name\":\"Na\u0161e pr\u00e1ce\",\"item\":\"https:\\\/\\\/gardeners.sk\\\/en\\\/our-work\\\/\"},{\"@type\":\"ListItem\",\"position\":3,\"name\":\"Wooden terrace canopy\"}]},{\"@type\":\"WebSite\",\"@id\":\"https:\\\/\\\/gardeners.sk\\\/en\\\/#website\",\"url\":\"https:\\\/\\\/gardeners.sk\\\/en\\\/\",\"name\":\"gardeners.sk\",\"description\":\"Z\u00e1hradn\u00edcke slu\u017eby\",\"publisher\":{\"@id\":\"https:\\\/\\\/gardeners.sk\\\/en\\\/#organization\"},\"potentialAction\":[{\"@type\":\"SearchAction\",\"target\":{\"@type\":\"EntryPoint\",\"urlTemplate\":\"https:\\\/\\\/gardeners.sk\\\/en\\\/?s={search_term_string}\"},\"query-input\":{\"@type\":\"PropertyValueSpecification\",\"valueRequired\":true,\"valueName\":\"search_term_string\"}}],\"inLanguage\":\"en-US\"},{\"@type\":\"Organization\",\"@id\":\"https:\\\/\\\/gardeners.sk\\\/en\\\/#organization\",\"name\":\"gardeners.sk\",\"url\":\"https:\\\/\\\/gardeners.sk\\\/en\\\/\",\"logo\":{\"@type\":\"ImageObject\",\"inLanguage\":\"en-US\",\"@id\":\"https:\\\/\\\/gardeners.sk\\\/en\\\/#\\\/schema\\\/logo\\\/image\\\/\",\"url\":\"https:\\\/\\\/gardeners.sk\\\/wp-content\\\/uploads\\\/cropped-Zlte-bez-pozadia.png\",\"contentUrl\":\"https:\\\/\\\/gardeners.sk\\\/wp-content\\\/uploads\\\/cropped-Zlte-bez-pozadia.png\",\"width\":250,\"height\":250,\"caption\":\"gardeners.sk\"},\"image\":{\"@id\":\"https:\\\/\\\/gardeners.sk\\\/en\\\/#\\\/schema\\\/logo\\\/image\\\/\"}}]}<\/script>\n<!-- \/ Yoast SEO plugin. -->","yoast_head_json":{"title":"Wooden terrace canopy - gardeners.sk","robots":{"index":"index","follow":"follow","max-snippet":"max-snippet:-1","max-image-preview":"max-image-preview:large","max-video-preview":"max-video-preview:-1"},"canonical":"https:\/\/gardeners.sk\/en\/our-work\/wooden-terrace-canopy\/","og_locale":"en_US","og_type":"article","og_title":"Wooden terrace canopy - gardeners.sk","og_description":"Given the limited space and the style of the remaining part of the garden, we chose a wooden canopy over the terrace.","og_url":"https:\/\/gardeners.sk\/en\/our-work\/wooden-terrace-canopy\/","og_site_name":"gardeners.sk","article_modified_time":"2026-01-13T15:21:19+00:00","og_image":[{"width":1536,"height":2048,"url":"https:\/\/gardeners.sk\/wp-content\/uploads\/E96AE63D-7A37-4A41-BB72-94DA55A4BF9A_1_102_o.jpeg","type":"image\/jpeg"}],"twitter_card":"summary_large_image","twitter_misc":{"Est. reading time":"1 minute"},"schema":{"@context":"https:\/\/schema.org","@graph":[{"@type":"WebPage","@id":"https:\/\/gardeners.sk\/en\/our-work\/wooden-terrace-canopy\/","url":"https:\/\/gardeners.sk\/en\/our-work\/wooden-terrace-canopy\/","name":"Wooden terrace canopy - gardeners.sk","isPartOf":{"@id":"https:\/\/gardeners.sk\/en\/#website"},"primaryImageOfPage":{"@id":"https:\/\/gardeners.sk\/en\/our-work\/wooden-terrace-canopy\/#primaryimage"},"image":{"@id":"https:\/\/gardeners.sk\/en\/our-work\/wooden-terrace-canopy\/#primaryimage"},"thumbnailUrl":"https:\/\/gardeners.sk\/wp-content\/uploads\/E96AE63D-7A37-4A41-BB72-94DA55A4BF9A_1_102_o.jpeg","datePublished":"2025-12-16T08:48:44+00:00","dateModified":"2026-01-13T15:21:19+00:00","breadcrumb":{"@id":"https:\/\/gardeners.sk\/en\/our-work\/wooden-terrace-canopy\/#breadcrumb"},"inLanguage":"en-US","potentialAction":[{"@type":"ReadAction","target":["https:\/\/gardeners.sk\/en\/our-work\/wooden-terrace-canopy\/"]}]},{"@type":"ImageObject","inLanguage":"en-US","@id":"https:\/\/gardeners.sk\/en\/our-work\/wooden-terrace-canopy\/#primaryimage","url":"https:\/\/gardeners.sk\/wp-content\/uploads\/E96AE63D-7A37-4A41-BB72-94DA55A4BF9A_1_102_o.jpeg","contentUrl":"https:\/\/gardeners.sk\/wp-content\/uploads\/E96AE63D-7A37-4A41-BB72-94DA55A4BF9A_1_102_o.jpeg","width":1536,"height":2048},{"@type":"BreadcrumbList","@id":"https:\/\/gardeners.sk\/en\/our-work\/wooden-terrace-canopy\/#breadcrumb","itemListElement":[{"@type":"ListItem","position":1,"name":"Domovsk\u00e1 str\u00e1nka","item":"https:\/\/gardeners.sk\/en\/"},{"@type":"ListItem","position":2,"name":"Na\u0161e pr\u00e1ce","item":"https:\/\/gardeners.sk\/en\/our-work\/"},{"@type":"ListItem","position":3,"name":"Wooden terrace canopy"}]},{"@type":"WebSite","@id":"https:\/\/gardeners.sk\/en\/#website","url":"https:\/\/gardeners.sk\/en\/","name":"gardeners.sk","description":"Z\u00e1hradn\u00edcke slu\u017eby","publisher":{"@id":"https:\/\/gardeners.sk\/en\/#organization"},"potentialAction":[{"@type":"SearchAction","target":{"@type":"EntryPoint","urlTemplate":"https:\/\/gardeners.sk\/en\/?s={search_term_string}"},"query-input":{"@type":"PropertyValueSpecification","valueRequired":true,"valueName":"search_term_string"}}],"inLanguage":"en-US"},{"@type":"Organization","@id":"https:\/\/gardeners.sk\/en\/#organization","name":"gardeners.sk","url":"https:\/\/gardeners.sk\/en\/","logo":{"@type":"ImageObject","inLanguage":"en-US","@id":"https:\/\/gardeners.sk\/en\/#\/schema\/logo\/image\/","url":"https:\/\/gardeners.sk\/wp-content\/uploads\/cropped-Zlte-bez-pozadia.png","contentUrl":"https:\/\/gardeners.sk\/wp-content\/uploads\/cropped-Zlte-bez-pozadia.png","width":250,"height":250,"caption":"gardeners.sk"},"image":{"@id":"https:\/\/gardeners.sk\/en\/#\/schema\/logo\/image\/"}}]}},"spectra_custom_meta":{"_alp_processed":["1768317680"],"site-sidebar-layout":["default"],"theme-transparent-header-meta":["default"],"ast-site-content-layout":["default"],"site-content-style":["default"],"site-sidebar-style":["default"],"_thumbnail_id":["3692"],"_last_translation_edit_mode":["native-editor"],"_wpml_word_count":["23"],"_edit_lock":["1768317681:3"],"_edit_last":["3"],"_monsterinsights_sitenote_active":["0"],"om_disable_all_campaigns":[""],"galeria":["3692"],"astra-migrate-meta-layouts":["set"],"_yoast_wpseo_content_score":["60"],"_yoast_wpseo_estimated-reading-time-minutes":["1"],"_uag_css_file_name":["uag-css-3722.css"],"_uag_page_assets":["a:9:{s:3:\"css\";s:260:\".uag-blocks-common-selector{z-index:var(--z-index-desktop) !important}@media(max-width: 976px){.uag-blocks-common-selector{z-index:var(--z-index-tablet) !important}}@media(max-width: 767px){.uag-blocks-common-selector{z-index:var(--z-index-mobile) !important}}\";s:2:\"js\";s:0:\"\";s:18:\"current_block_list\";a:10:{i:0;s:11:\"core\/search\";i:1;s:10:\"core\/group\";i:2;s:12:\"core\/heading\";i:3;s:17:\"core\/latest-posts\";i:4;s:20:\"core\/latest-comments\";i:5;s:13:\"core\/archives\";i:6;s:15:\"core\/categories\";i:7;s:14:\"core\/paragraph\";i:8;s:12:\"core\/buttons\";i:9;s:11:\"core\/button\";}s:8:\"uag_flag\";b:0;s:11:\"uag_version\";s:10:\"1776932296\";s:6:\"gfonts\";a:0:{}s:10:\"gfonts_url\";s:0:\"\";s:12:\"gfonts_files\";a:0:{}s:14:\"uag_faq_layout\";b:0;}"],"_elementor_page_assets":["a:0:{}"]},"uagb_featured_image_src":{"full":["https:\/\/gardeners.sk\/wp-content\/uploads\/E96AE63D-7A37-4A41-BB72-94DA55A4BF9A_1_102_o.jpeg",1536,2048,false],"thumbnail":["https:\/\/gardeners.sk\/wp-content\/uploads\/E96AE63D-7A37-4A41-BB72-94DA55A4BF9A_1_102_o-150x150.jpeg",150,150,true],"medium":["https:\/\/gardeners.sk\/wp-content\/uploads\/E96AE63D-7A37-4A41-BB72-94DA55A4BF9A_1_102_o-225x300.jpeg",225,300,true],"medium_large":["https:\/\/gardeners.sk\/wp-content\/uploads\/E96AE63D-7A37-4A41-BB72-94DA55A4BF9A_1_102_o-768x1024.jpeg",768,1024,true],"large":["https:\/\/gardeners.sk\/wp-content\/uploads\/E96AE63D-7A37-4A41-BB72-94DA55A4BF9A_1_102_o-768x1024.jpeg",768,1024,true],"1536x1536":["https:\/\/gardeners.sk\/wp-content\/uploads\/E96AE63D-7A37-4A41-BB72-94DA55A4BF9A_1_102_o-1152x1536.jpeg",1152,1536,true],"2048x2048":["https:\/\/gardeners.sk\/wp-content\/uploads\/E96AE63D-7A37-4A41-BB72-94DA55A4BF9A_1_102_o.jpeg",1536,2048,false]},"uagb_author_info":{"display_name":"D\u00e1vid Kov\u00e1cs","author_link":"https:\/\/gardeners.sk\/en\/author\/"},"uagb_comment_info":0,"uagb_excerpt":"Given the limited space and the style of the remaining part of the garden, we chose a wooden canopy over the terrace.","_links":{"self":[{"href":"https:\/\/gardeners.sk\/en\/wp-json\/wp\/v2\/nase-prace\/3722","targetHints":{"allow":["GET"]}}],"collection":[{"href":"https:\/\/gardeners.sk\/en\/wp-json\/wp\/v2\/nase-prace"}],"about":[{"href":"https:\/\/gardeners.sk\/en\/wp-json\/wp\/v2\/types\/nase-prace"}],"wp:featuredmedia":[{"embeddable":true,"href":"https:\/\/gardeners.sk\/en\/wp-json\/wp\/v2\/media\/3692"}],"wp:attachment":[{"href":"https:\/\/gardeners.sk\/en\/wp-json\/wp\/v2\/media?parent=3722"}],"curies":[{"name":"wp","href":"https:\/\/api.w.org\/{rel}","templated":true}]}}